{"id":1490,"date":"2025-01-12T07:59:54","date_gmt":"2025-01-12T12:59:54","guid":{"rendered":"https:\/\/doctormihaela.com\/?post_type=elemenfolio&#038;p=1490"},"modified":"2025-01-26T10:51:33","modified_gmt":"2025-01-26T15:51:33","slug":"salata-de-sfecla-cu-nuci-si-branza","status":"publish","type":"elemenfolio","link":"https:\/\/doctormihaela.com\/en\/portfolio\/salata-de-sfecla-cu-nuci-si-branza\/","title":{"rendered":"Salat\u0103 de sfecl\u0103 cu nuci \u0219i br\u00e2nz\u0103"},"content":{"rendered":"\n<div class=\"wp-block-media-text is-stacked-on-mobile\" style=\"grid-template-columns:38% auto\"><figure class=\"wp-block-media-text__media\"><img decoding=\"async\" src=\"https:\/\/doctormihaela.com\/wp-content\/uploads\/2025\/01\/WhatsApp-Image-2025-01-12-at-13.16.45-897x1024.jpeg\" alt=\"\" class=\"wp-image-1467 size-full\"\/><\/figure><div class=\"wp-block-media-text__content\">\n<p style=\"font-size:14px\"><strong>\u0218tia\u021bi c\u0103 sfecla este un SUPER ALIMENT ?<\/strong><\/p>\n\n\n\n<p style=\"font-size:14px\">Sfecla este un aliment cu un <em>con\u021binut sc\u0103zut \u00een gr\u0103simi, \u00eens\u0103 bogat\u0103 \u00een minerale \u0219i vitamine.<\/em><\/p>\n\n\n\n<p style=\"font-size:14px\">Aceasta con\u021bine cantit\u0103\u021bi impresionante de <em>calciu, magneziu, fier, vitamina C, vitamina B6, etc,<\/em> dar \u0219i betalanine (pigmen\u021bi) cu un puternic rol antiinflamator.<\/p>\n\n\n\n<p style=\"font-size:14px\">De asemenea, con\u021binutul crescut \u00een fibre, ajut\u0103 la men\u021binerea unui tract intestinal s\u0103n\u0103tos.<\/p>\n\n\n\n<p style=\"font-size:14px\">V\u0103 las link-ul cu mai multe detalii despre con\u021binutul acestor r\u0103d\u0103cinoase:<\/p>\n\n\n\n<p><a href=\"https:\/\/fdc.nal.usda.gov\/food-details\/169146\/nutrients\">https:\/\/fdc.nal.usda.gov\/food-details\/169146\/nutrients<\/a><\/p>\n<\/div><\/div>\n\n\n\n<h4 class=\"wp-block-heading\">Date nutri\u021bionale:<\/h4>\n\n\n\n<figure class=\"wp-block-image size-large\"><img fetchpriority=\"high\" decoding=\"async\" width=\"1024\" height=\"279\" src=\"https:\/\/doctormihaela.com\/wp-content\/uploads\/2025\/01\/Screenshot-2025-01-12-at-13.00.09-1024x279.png\" alt=\"\" class=\"wp-image-1466\" srcset=\"https:\/\/doctormihaela.com\/wp-content\/uploads\/2025\/01\/Screenshot-2025-01-12-at-13.00.09-1024x279.png 1024w, https:\/\/doctormihaela.com\/wp-content\/uploads\/2025\/01\/Screenshot-2025-01-12-at-13.00.09-300x82.png 300w, https:\/\/doctormihaela.com\/wp-content\/uploads\/2025\/01\/Screenshot-2025-01-12-at-13.00.09-768x210.png 768w, https:\/\/doctormihaela.com\/wp-content\/uploads\/2025\/01\/Screenshot-2025-01-12-at-13.00.09-1536x419.png 1536w, https:\/\/doctormihaela.com\/wp-content\/uploads\/2025\/01\/Screenshot-2025-01-12-at-13.00.09-2048x559.png 2048w, https:\/\/doctormihaela.com\/wp-content\/uploads\/2025\/01\/Screenshot-2025-01-12-at-13.00.09-18x5.png 18w\" sizes=\"(max-width: 1024px) 100vw, 1024px\" \/><\/figure>\n\n\n\n<p style=\"font-size:14px\">Aceast\u0103 salat\u0103 reprezint\u0103 <strong>o idee ideal\u0103 pentru o cin\u0103 u\u0219oar\u0103. <\/strong>Pute\u021bi s\u0103 o consuma\u021bi al\u0103turi de o felie de p\u00e2ine crocant\u0103. Eu am folosit p\u00e2ine de cas\u0103, \u00eens\u0103 pute\u021bi folosi \u0219i p\u00e2ine cu maia sau p\u00e2ine integral\u0103. <\/p>\n\n\n\n<h4 class=\"wp-block-heading\">Ingrediente necesare:<\/h4>\n\n\n\n<figure class=\"wp-block-table is-style-stripes\" style=\"font-size:14px\"><table class=\"has-fixed-layout\"><tbody><tr><td>Sfecl\u0103<\/td><td>500 g (4 buc\u0103\u021bi mici)<\/td><\/tr><tr><td>Branz\u0103 vac\u0103 \u0219i oaie (eu a\u0219a am avut, dar pute\u021bi s\u0103 folosi\u021bi orice fel ave\u021bi)<\/td><td>95 g<\/td><\/tr><tr><td>Semin\u021be de rodie<\/td><td>57 g<\/td><\/tr><tr><td>Miez de nuc\u0103<\/td><td>35 g<\/td><\/tr><tr><td>Mere<\/td><td>90 g<\/td><\/tr><tr><td>Ulei de m\u0103sline<\/td><td>1 lingura= 15 ml<\/td><\/tr><tr><td>Zeam\u0103 de l\u0103m\u00e2ie<\/td><td>20 ml<\/td><\/tr><tr><td>Sare<\/td><td>2 prafuri, \u00eens\u0103 depinde de c\u00e2t de S\u0103rata este br\u00e2nza<\/td><\/tr><tr><td>Piper<\/td><td>1 praf<\/td><\/tr><\/tbody><\/table><\/figure>\n\n\n\n<div class=\"wp-block-columns is-layout-flex wp-container-core-columns-is-layout-28f84493 wp-block-columns-is-layout-flex\">\n<div class=\"wp-block-column is-layout-flow wp-block-column-is-layout-flow\" style=\"flex-basis:100%\"><\/div>\n<\/div>\n\n\n\n<p>Mod de preparare:<\/p>\n\n\n\n<p style=\"font-size:14px\">1. Eu am avut 4 sfecle mici, crude pe care le-am fiert. Sfeclele trebuie s\u0103 fie sp\u0103late bine \u00eenainte de fierbere \u0219i se las\u0103 cu coaj\u0103. Am folosit o oal\u0103 \u00een care am pus ap\u0103 p\u00e2n\u0103 am acoperit sfeclele cu aproximativ 3-4 degete. Peste care am pus c\u00e2teva prafuri de sare. Am l\u0103sat s\u0103 fiarb\u0103 p\u00e2n\u0103 c\u00e2nd furculi\u021ba intr\u0103 \u0219i iese u\u0219or din sfecl\u0103.<\/p>\n\n\n\n<p style=\"font-size:14px\">2. Dup\u0103 ce au fiert, le-am cur\u0103\u021bat de coaj\u0103 \u0219i le-am t\u0103iat cubule\u021be. <\/p>\n\n\n\n<p style=\"font-size:14px\">3. Peste sfecla t\u0103iat\u0103 am pus br\u00e2nza t\u0103iat\u0103 tot cubule\u021be. Pute\u021bi s\u0103 folosi\u021bi orice tip de br\u00e2nz\u0103 ave\u021bi acas\u0103.<\/p>\n\n\n\n<div class=\"wp-block-columns is-layout-flex wp-container-core-columns-is-layout-28f84493 wp-block-columns-is-layout-flex\">\n<div class=\"wp-block-column is-layout-flow wp-block-column-is-layout-flow\" style=\"flex-basis:100%\">\n<figure class=\"wp-block-image aligncenter size-large is-resized\"><img decoding=\"async\" width=\"1009\" height=\"1024\" src=\"https:\/\/doctormihaela.com\/wp-content\/uploads\/2025\/01\/WhatsApp-Image-2025-01-12-at-13.12.11-1009x1024.jpeg\" alt=\"\" class=\"wp-image-1469\" style=\"width:278px;height:auto\" srcset=\"https:\/\/doctormihaela.com\/wp-content\/uploads\/2025\/01\/WhatsApp-Image-2025-01-12-at-13.12.11-1009x1024.jpeg 1009w, https:\/\/doctormihaela.com\/wp-content\/uploads\/2025\/01\/WhatsApp-Image-2025-01-12-at-13.12.11-296x300.jpeg 296w, https:\/\/doctormihaela.com\/wp-content\/uploads\/2025\/01\/WhatsApp-Image-2025-01-12-at-13.12.11-768x780.jpeg 768w, https:\/\/doctormihaela.com\/wp-content\/uploads\/2025\/01\/WhatsApp-Image-2025-01-12-at-13.12.11-1513x1536.jpeg 1513w, https:\/\/doctormihaela.com\/wp-content\/uploads\/2025\/01\/WhatsApp-Image-2025-01-12-at-13.12.11-12x12.jpeg 12w, https:\/\/doctormihaela.com\/wp-content\/uploads\/2025\/01\/WhatsApp-Image-2025-01-12-at-13.12.11.jpeg 1527w\" sizes=\"(max-width: 1009px) 100vw, 1009px\" \/><\/figure>\n<\/div>\n<\/div>\n\n\n\n<p style=\"font-size:14px\">4. Dup\u0103 care a urmat rodia, pe care am cur\u0103\u021bat-o \u0219i am pus aproximativ 57 g de semin\u021be<\/p>\n\n\n\n<p style=\"font-size:14px\">5. Miezul de nuc\u0103 l-am tocat u\u0219or cu cu\u021bitul, astfel \u00eenc\u00e2t s\u0103-i mai m\u0103run\u021besc, dar nu foarte tare.<\/p>\n\n\n\n<p style=\"font-size:14px\">6. Pentru c\u0103 am g\u0103sit un m\u0103r mai \u00eencre\u021bit prin frigider, a\u0219a c\u0103 am hot\u0103r\u00e2t s\u0103-l pun \u0219i pe el, \u00eens\u0103 nu este obligatoriu. <\/p>\n\n\n\n<figure class=\"wp-block-image aligncenter size-large is-resized\"><img decoding=\"async\" width=\"739\" height=\"1024\" src=\"https:\/\/doctormihaela.com\/wp-content\/uploads\/2025\/01\/WhatsApp-Image-2025-01-12-at-13.14.02-1-739x1024.jpeg\" alt=\"\" class=\"wp-image-1470\" style=\"width:287px;height:auto\" srcset=\"https:\/\/doctormihaela.com\/wp-content\/uploads\/2025\/01\/WhatsApp-Image-2025-01-12-at-13.14.02-1-739x1024.jpeg 739w, https:\/\/doctormihaela.com\/wp-content\/uploads\/2025\/01\/WhatsApp-Image-2025-01-12-at-13.14.02-1-217x300.jpeg 217w, https:\/\/doctormihaela.com\/wp-content\/uploads\/2025\/01\/WhatsApp-Image-2025-01-12-at-13.14.02-1-768x1064.jpeg 768w, https:\/\/doctormihaela.com\/wp-content\/uploads\/2025\/01\/WhatsApp-Image-2025-01-12-at-13.14.02-1-1109x1536.jpeg 1109w, https:\/\/doctormihaela.com\/wp-content\/uploads\/2025\/01\/WhatsApp-Image-2025-01-12-at-13.14.02-1-9x12.jpeg 9w, https:\/\/doctormihaela.com\/wp-content\/uploads\/2025\/01\/WhatsApp-Image-2025-01-12-at-13.14.02-1.jpeg 1155w\" sizes=\"(max-width: 739px) 100vw, 739px\" \/><\/figure>\n\n\n\n<p style=\"font-size:14px\">7. La final am pus uleiul de m\u0103sline, zeama de l\u0103m\u00e2ie, sarea \u0219i piperul \u0219i amesteca\u021bi. Cantit\u0103\u021bile le pute\u021bi ajusta \u00een func\u021bie de cum va place mai mult. Eu de exemplu folosesc destul de pu\u021bin\u0103 sare, iar br\u00e2nz\u0103 era destul de s\u0103rat\u0103, astfel am mai t\u0103iat din cantitate. <\/p>\n\n\n\n<p style=\"font-size:14px\">8. Eu recomand ca fiecare salat\u0103 s\u0103 fie \u021binut\u0103 ulterior la frigider m\u0103car 15-20 minute pentru a se \u00eembina gusturile. La final o s\u0103 ave\u021bi o bun\u0103tate de salat\u0103!<\/p>\n\n\n\n<p><strong>POFT\u0102 BUN\u0102!<\/strong><\/p>\n","protected":false},"featured_media":1467,"template":"","elemenfoliocategory":[39],"class_list":["post-1490","elemenfolio","type-elemenfolio","status-publish","has-post-thumbnail","hentry","elemenfoliocategory-salate"],"blocksy_meta":[],"yoast_head":"<!-- This site is optimized with the Yoast SEO plugin v24.5 - https:\/\/yoast.com\/wordpress\/plugins\/seo\/ -->\n<title>Salat\u0103 de sfecl\u0103 cu nuci \u0219i br\u00e2nz\u0103 - EndoSun | Educa\u021bie medical\u0103 - Tot ce trebuie s\u0103 \u0219tii!<\/title>\n<meta name=\"robots\" content=\"index, follow, max-snippet:-1, max-image-preview:large, max-video-preview:-1\" \/>\n<link rel=\"canonical\" href=\"https:\/\/doctormihaela.com\/en\/portfolio\/salata-de-sfecla-cu-nuci-si-branza\/\" \/>\n<meta property=\"og:locale\" content=\"en_US\" \/>\n<meta property=\"og:type\" content=\"article\" \/>\n<meta property=\"og:title\" content=\"Salat\u0103 de sfecl\u0103 cu nuci \u0219i br\u00e2nz\u0103 - EndoSun | Educa\u021bie medical\u0103 - Tot ce trebuie s\u0103 \u0219tii!\" \/>\n<meta property=\"og:description\" content=\"\u0218tia\u021bi c\u0103 sfecla este un SUPER ALIMENT ? Sfecla este un aliment cu un con\u021binut sc\u0103zut \u00een gr\u0103simi, \u00eens\u0103 bogat\u0103 \u00een minerale \u0219i vitamine. Aceasta con\u021bine cantit\u0103\u021bi impresionante de calciu, magneziu, fier, vitamina C, vitamina B6, etc, dar \u0219i betalanine (pigmen\u021bi) cu un puternic rol antiinflamator. De asemenea, con\u021binutul crescut \u00een fibre, ajut\u0103 la men\u021binerea [&hellip;]\" \/>\n<meta property=\"og:url\" content=\"https:\/\/doctormihaela.com\/en\/portfolio\/salata-de-sfecla-cu-nuci-si-branza\/\" \/>\n<meta property=\"og:site_name\" content=\"EndoSun | Educa\u021bie medical\u0103 - Tot ce trebuie s\u0103 \u0219tii!\" \/>\n<meta property=\"article:modified_time\" content=\"2025-01-26T15:51:33+00:00\" \/>\n<meta property=\"og:image\" content=\"https:\/\/doctormihaela.com\/wp-content\/uploads\/2025\/01\/WhatsApp-Image-2025-01-12-at-13.16.45-e1736687368286.jpeg\" \/>\n\t<meta property=\"og:image:width\" content=\"1352\" \/>\n\t<meta property=\"og:image:height\" content=\"1067\" \/>\n\t<meta property=\"og:image:type\" content=\"image\/jpeg\" \/>\n<meta name=\"twitter:card\" content=\"summary_large_image\" \/>\n<meta name=\"twitter:label1\" content=\"Est. reading time\" \/>\n\t<meta name=\"twitter:data1\" content=\"3 minutes\" \/>\n<script type=\"application\/ld+json\" class=\"yoast-schema-graph\">{\"@context\":\"https:\/\/schema.org\",\"@graph\":[{\"@type\":\"WebPage\",\"@id\":\"https:\/\/doctormihaela.com\/portfolio\/salata-de-sfecla-cu-nuci-si-branza\/\",\"url\":\"https:\/\/doctormihaela.com\/portfolio\/salata-de-sfecla-cu-nuci-si-branza\/\",\"name\":\"Salat\u0103 de sfecl\u0103 cu nuci \u0219i br\u00e2nz\u0103 - EndoSun | Educa\u021bie medical\u0103 - Tot ce trebuie s\u0103 \u0219tii!\",\"isPartOf\":{\"@id\":\"https:\/\/doctormihaela.com\/#website\"},\"primaryImageOfPage\":{\"@id\":\"https:\/\/doctormihaela.com\/portfolio\/salata-de-sfecla-cu-nuci-si-branza\/#primaryimage\"},\"image\":{\"@id\":\"https:\/\/doctormihaela.com\/portfolio\/salata-de-sfecla-cu-nuci-si-branza\/#primaryimage\"},\"thumbnailUrl\":\"https:\/\/doctormihaela.com\/wp-content\/uploads\/2025\/01\/WhatsApp-Image-2025-01-12-at-13.16.45-e1736687368286.jpeg\",\"datePublished\":\"2025-01-12T12:59:54+00:00\",\"dateModified\":\"2025-01-26T15:51:33+00:00\",\"breadcrumb\":{\"@id\":\"https:\/\/doctormihaela.com\/portfolio\/salata-de-sfecla-cu-nuci-si-branza\/#breadcrumb\"},\"inLanguage\":\"en-US\",\"potentialAction\":[{\"@type\":\"ReadAction\",\"target\":[\"https:\/\/doctormihaela.com\/portfolio\/salata-de-sfecla-cu-nuci-si-branza\/\"]}]},{\"@type\":\"ImageObject\",\"inLanguage\":\"en-US\",\"@id\":\"https:\/\/doctormihaela.com\/portfolio\/salata-de-sfecla-cu-nuci-si-branza\/#primaryimage\",\"url\":\"https:\/\/doctormihaela.com\/wp-content\/uploads\/2025\/01\/WhatsApp-Image-2025-01-12-at-13.16.45-e1736687368286.jpeg\",\"contentUrl\":\"https:\/\/doctormihaela.com\/wp-content\/uploads\/2025\/01\/WhatsApp-Image-2025-01-12-at-13.16.45-e1736687368286.jpeg\",\"width\":1352,\"height\":1067},{\"@type\":\"BreadcrumbList\",\"@id\":\"https:\/\/doctormihaela.com\/portfolio\/salata-de-sfecla-cu-nuci-si-branza\/#breadcrumb\",\"itemListElement\":[{\"@type\":\"ListItem\",\"position\":1,\"name\":\"Home\",\"item\":\"https:\/\/doctormihaela.com\/\"},{\"@type\":\"ListItem\",\"position\":2,\"name\":\"Salat\u0103 de sfecl\u0103 cu nuci \u0219i br\u00e2nz\u0103\"}]},{\"@type\":\"WebSite\",\"@id\":\"https:\/\/doctormihaela.com\/#website\",\"url\":\"https:\/\/doctormihaela.com\/\",\"name\":\"EndoSun\",\"description\":\"\",\"publisher\":{\"@id\":\"https:\/\/doctormihaela.com\/#\/schema\/person\/82bf963db06fe6b0f7a7dd27c907c6d7\"},\"potentialAction\":[{\"@type\":\"SearchAction\",\"target\":{\"@type\":\"EntryPoint\",\"urlTemplate\":\"https:\/\/doctormihaela.com\/?s={search_term_string}\"},\"query-input\":{\"@type\":\"PropertyValueSpecification\",\"valueRequired\":true,\"valueName\":\"search_term_string\"}}],\"inLanguage\":\"en-US\"},{\"@type\":[\"Person\",\"Organization\"],\"@id\":\"https:\/\/doctormihaela.com\/#\/schema\/person\/82bf963db06fe6b0f7a7dd27c907c6d7\",\"name\":\"Mihaela Spataru\",\"image\":{\"@type\":\"ImageObject\",\"inLanguage\":\"en-US\",\"@id\":\"https:\/\/doctormihaela.com\/#\/schema\/person\/image\/\",\"url\":\"https:\/\/doctormihaela.com\/wp-content\/uploads\/2024\/05\/EndoSun_Logo_smaller.png\",\"contentUrl\":\"https:\/\/doctormihaela.com\/wp-content\/uploads\/2024\/05\/EndoSun_Logo_smaller.png\",\"width\":461,\"height\":134,\"caption\":\"Mihaela Spataru\"},\"logo\":{\"@id\":\"https:\/\/doctormihaela.com\/#\/schema\/person\/image\/\"}}]}<\/script>\n<!-- \/ Yoast SEO plugin. -->","yoast_head_json":{"title":"Salat\u0103 de sfecl\u0103 cu nuci \u0219i br\u00e2nz\u0103 - EndoSun | Educa\u021bie medical\u0103 - Tot ce trebuie s\u0103 \u0219tii!","robots":{"index":"index","follow":"follow","max-snippet":"max-snippet:-1","max-image-preview":"max-image-preview:large","max-video-preview":"max-video-preview:-1"},"canonical":"https:\/\/doctormihaela.com\/en\/portfolio\/salata-de-sfecla-cu-nuci-si-branza\/","og_locale":"en_US","og_type":"article","og_title":"Salat\u0103 de sfecl\u0103 cu nuci \u0219i br\u00e2nz\u0103 - EndoSun | Educa\u021bie medical\u0103 - Tot ce trebuie s\u0103 \u0219tii!","og_description":"\u0218tia\u021bi c\u0103 sfecla este un SUPER ALIMENT ? Sfecla este un aliment cu un con\u021binut sc\u0103zut \u00een gr\u0103simi, \u00eens\u0103 bogat\u0103 \u00een minerale \u0219i vitamine. Aceasta con\u021bine cantit\u0103\u021bi impresionante de calciu, magneziu, fier, vitamina C, vitamina B6, etc, dar \u0219i betalanine (pigmen\u021bi) cu un puternic rol antiinflamator. De asemenea, con\u021binutul crescut \u00een fibre, ajut\u0103 la men\u021binerea [&hellip;]","og_url":"https:\/\/doctormihaela.com\/en\/portfolio\/salata-de-sfecla-cu-nuci-si-branza\/","og_site_name":"EndoSun | Educa\u021bie medical\u0103 - Tot ce trebuie s\u0103 \u0219tii!","article_modified_time":"2025-01-26T15:51:33+00:00","og_image":[{"width":1352,"height":1067,"url":"https:\/\/doctormihaela.com\/wp-content\/uploads\/2025\/01\/WhatsApp-Image-2025-01-12-at-13.16.45-e1736687368286.jpeg","type":"image\/jpeg"}],"twitter_card":"summary_large_image","twitter_misc":{"Est. reading time":"3 minutes"},"schema":{"@context":"https:\/\/schema.org","@graph":[{"@type":"WebPage","@id":"https:\/\/doctormihaela.com\/portfolio\/salata-de-sfecla-cu-nuci-si-branza\/","url":"https:\/\/doctormihaela.com\/portfolio\/salata-de-sfecla-cu-nuci-si-branza\/","name":"Salat\u0103 de sfecl\u0103 cu nuci \u0219i br\u00e2nz\u0103 - EndoSun | Educa\u021bie medical\u0103 - Tot ce trebuie s\u0103 \u0219tii!","isPartOf":{"@id":"https:\/\/doctormihaela.com\/#website"},"primaryImageOfPage":{"@id":"https:\/\/doctormihaela.com\/portfolio\/salata-de-sfecla-cu-nuci-si-branza\/#primaryimage"},"image":{"@id":"https:\/\/doctormihaela.com\/portfolio\/salata-de-sfecla-cu-nuci-si-branza\/#primaryimage"},"thumbnailUrl":"https:\/\/doctormihaela.com\/wp-content\/uploads\/2025\/01\/WhatsApp-Image-2025-01-12-at-13.16.45-e1736687368286.jpeg","datePublished":"2025-01-12T12:59:54+00:00","dateModified":"2025-01-26T15:51:33+00:00","breadcrumb":{"@id":"https:\/\/doctormihaela.com\/portfolio\/salata-de-sfecla-cu-nuci-si-branza\/#breadcrumb"},"inLanguage":"en-US","potentialAction":[{"@type":"ReadAction","target":["https:\/\/doctormihaela.com\/portfolio\/salata-de-sfecla-cu-nuci-si-branza\/"]}]},{"@type":"ImageObject","inLanguage":"en-US","@id":"https:\/\/doctormihaela.com\/portfolio\/salata-de-sfecla-cu-nuci-si-branza\/#primaryimage","url":"https:\/\/doctormihaela.com\/wp-content\/uploads\/2025\/01\/WhatsApp-Image-2025-01-12-at-13.16.45-e1736687368286.jpeg","contentUrl":"https:\/\/doctormihaela.com\/wp-content\/uploads\/2025\/01\/WhatsApp-Image-2025-01-12-at-13.16.45-e1736687368286.jpeg","width":1352,"height":1067},{"@type":"BreadcrumbList","@id":"https:\/\/doctormihaela.com\/portfolio\/salata-de-sfecla-cu-nuci-si-branza\/#breadcrumb","itemListElement":[{"@type":"ListItem","position":1,"name":"Home","item":"https:\/\/doctormihaela.com\/"},{"@type":"ListItem","position":2,"name":"Salat\u0103 de sfecl\u0103 cu nuci \u0219i br\u00e2nz\u0103"}]},{"@type":"WebSite","@id":"https:\/\/doctormihaela.com\/#website","url":"https:\/\/doctormihaela.com\/","name":"EndoSun","description":"","publisher":{"@id":"https:\/\/doctormihaela.com\/#\/schema\/person\/82bf963db06fe6b0f7a7dd27c907c6d7"},"potentialAction":[{"@type":"SearchAction","target":{"@type":"EntryPoint","urlTemplate":"https:\/\/doctormihaela.com\/?s={search_term_string}"},"query-input":{"@type":"PropertyValueSpecification","valueRequired":true,"valueName":"search_term_string"}}],"inLanguage":"en-US"},{"@type":["Person","Organization"],"@id":"https:\/\/doctormihaela.com\/#\/schema\/person\/82bf963db06fe6b0f7a7dd27c907c6d7","name":"Mihaela Spataru","image":{"@type":"ImageObject","inLanguage":"en-US","@id":"https:\/\/doctormihaela.com\/#\/schema\/person\/image\/","url":"https:\/\/doctormihaela.com\/wp-content\/uploads\/2024\/05\/EndoSun_Logo_smaller.png","contentUrl":"https:\/\/doctormihaela.com\/wp-content\/uploads\/2024\/05\/EndoSun_Logo_smaller.png","width":461,"height":134,"caption":"Mihaela Spataru"},"logo":{"@id":"https:\/\/doctormihaela.com\/#\/schema\/person\/image\/"}}]}},"_links":{"self":[{"href":"https:\/\/doctormihaela.com\/en\/wp-json\/wp\/v2\/elemenfolio\/1490","targetHints":{"allow":["GET"]}}],"collection":[{"href":"https:\/\/doctormihaela.com\/en\/wp-json\/wp\/v2\/elemenfolio"}],"about":[{"href":"https:\/\/doctormihaela.com\/en\/wp-json\/wp\/v2\/types\/elemenfolio"}],"version-history":[{"count":3,"href":"https:\/\/doctormihaela.com\/en\/wp-json\/wp\/v2\/elemenfolio\/1490\/revisions"}],"predecessor-version":[{"id":1545,"href":"https:\/\/doctormihaela.com\/en\/wp-json\/wp\/v2\/elemenfolio\/1490\/revisions\/1545"}],"wp:featuredmedia":[{"embeddable":true,"href":"https:\/\/doctormihaela.com\/en\/wp-json\/wp\/v2\/media\/1467"}],"wp:attachment":[{"href":"https:\/\/doctormihaela.com\/en\/wp-json\/wp\/v2\/media?parent=1490"}],"wp:term":[{"taxonomy":"elemenfoliocategory","embeddable":true,"href":"https:\/\/doctormihaela.com\/en\/wp-json\/wp\/v2\/elemenfoliocategory?post=1490"}],"curies":[{"name":"wp","href":"https:\/\/api.w.org\/{rel}","templated":true}]}}